{"id":7312,"date":"2023-08-11T12:34:03","date_gmt":"2023-08-11T18:34:03","guid":{"rendered":"https:\/\/bibliotecas.uvmnet.edu\/portico\/gui\/?page_id=7312"},"modified":"2023-11-03T11:21:56","modified_gmt":"2023-11-03T17:21:56","slug":"fondo-editorial","status":"publish","type":"page","link":"https:\/\/bibliotecas.uvmnet.edu\/portico\/gui\/index.php\/fondo-editorial\/","title":{"rendered":"Fondo Editorial"},"content":{"rendered":"\t\t<div data-elementor-type=\"wp-page\" data-elementor-id=\"7312\" class=\"elementor elementor-7312\">\n\t\t\t\t\t\t<section class=\"elementor-section elementor-top-section elementor-element elementor-element-1ab8795 elementor-section-boxed elementor-section-height-default elementor-section-height-default\" data-id=\"1ab8795\" data-element_type=\"section\" data-e-type=\"section\">\n\t\t\t\t\t\t<div class=\"elementor-container elementor-column-gap-default\">\n\t\t\t\t\t<div class=\"elementor-column elementor-col-100 elementor-top-column elementor-element elementor-element-53c9d4a\" data-id=\"53c9d4a\" data-element_type=\"column\" data-e-type=\"column\">\n\t\t\t<div class=\"elementor-widget-wrap elementor-element-populated\">\n\t\t\t\t\t\t<div class=\"elementor-element elementor-element-808fa7d elementor-widget elementor-widget-spacer\" data-id=\"808fa7d\" data-element_type=\"widget\" data-e-type=\"widget\" data-widget_type=\"spacer.default\">\n\t\t\t\t<div class=\"elementor-widget-container\">\n\t\t\t\t\t\t\t<div class=\"elementor-spacer\">\n\t\t\t<div class=\"elementor-spacer-inner\"><\/div>\n\t\t<\/div>\n\t\t\t\t\t\t<\/div>\n\t\t\t\t<\/div>\n\t\t\t\t\t<\/div>\n\t\t<\/div>\n\t\t\t\t\t<\/div>\n\t\t<\/section>\n\t\t\t\t<section class=\"elementor-section elementor-top-section elementor-element elementor-element-6ab67153 elementor-section-boxed elementor-section-height-default elementor-section-height-default\" data-id=\"6ab67153\" data-element_type=\"section\" data-e-type=\"section\" data-settings=\"{&quot;background_background&quot;:&quot;classic&quot;}\">\n\t\t\t\t\t\t\t<div class=\"elementor-background-overlay\"><\/div>\n\t\t\t\t\t\t\t<div class=\"elementor-container elementor-column-gap-no\">\n\t\t\t\t\t<div class=\"elementor-column elementor-col-100 elementor-top-column elementor-element elementor-element-7f39cd05\" data-id=\"7f39cd05\" data-element_type=\"column\" data-e-type=\"column\">\n\t\t\t<div class=\"elementor-widget-wrap elementor-element-populated\">\n\t\t\t\t\t\t<div class=\"elementor-element elementor-element-4220643 elementor-widget elementor-widget-image\" data-id=\"4220643\" data-element_type=\"widget\" data-e-type=\"widget\" data-widget_type=\"image.default\">\n\t\t\t\t<div class=\"elementor-widget-container\">\n\t\t\t\t\t\t\t\t\t\t\t\t\t\t\t<img fetchpriority=\"high\" decoding=\"async\" width=\"1024\" height=\"1024\" src=\"https:\/\/bibliotecas.uvmnet.edu\/portico\/gui\/wp-content\/uploads\/2023\/11\/UVM-EDITORIAL-1024x1024.png\" class=\"attachment-large size-large wp-image-7449\" alt=\"\" srcset=\"https:\/\/bibliotecas.uvmnet.edu\/portico\/gui\/wp-content\/uploads\/2023\/11\/UVM-EDITORIAL-1024x1024.png 1024w, https:\/\/bibliotecas.uvmnet.edu\/portico\/gui\/wp-content\/uploads\/2023\/11\/UVM-EDITORIAL-300x300.png 300w, https:\/\/bibliotecas.uvmnet.edu\/portico\/gui\/wp-content\/uploads\/2023\/11\/UVM-EDITORIAL-150x150.png 150w, https:\/\/bibliotecas.uvmnet.edu\/portico\/gui\/wp-content\/uploads\/2023\/11\/UVM-EDITORIAL-768x768.png 768w, https:\/\/bibliotecas.uvmnet.edu\/portico\/gui\/wp-content\/uploads\/2023\/11\/UVM-EDITORIAL-144x144.png 144w, https:\/\/bibliotecas.uvmnet.edu\/portico\/gui\/wp-content\/uploads\/2023\/11\/UVM-EDITORIAL-1000x1000.png 1000w, https:\/\/bibliotecas.uvmnet.edu\/portico\/gui\/wp-content\/uploads\/2023\/11\/UVM-EDITORIAL-230x230.png 230w, https:\/\/bibliotecas.uvmnet.edu\/portico\/gui\/wp-content\/uploads\/2023\/11\/UVM-EDITORIAL-350x350.png 350w, https:\/\/bibliotecas.uvmnet.edu\/portico\/gui\/wp-content\/uploads\/2023\/11\/UVM-EDITORIAL-480x480.png 480w, https:\/\/bibliotecas.uvmnet.edu\/portico\/gui\/wp-content\/uploads\/2023\/11\/UVM-EDITORIAL.png 1080w\" sizes=\"(max-width: 1024px) 100vw, 1024px\" \/>\t\t\t\t\t\t\t\t\t\t\t\t\t\t\t<\/div>\n\t\t\t\t<\/div>\n\t\t\t\t<div class=\"elementor-element elementor-element-76dc424c elementor-widget elementor-widget-heading\" data-id=\"76dc424c\" data-element_type=\"widget\" data-e-type=\"widget\" data-widget_type=\"heading.default\">\n\t\t\t\t<div class=\"elementor-widget-container\">\n\t\t\t\t\t<h2 class=\"elementor-heading-title elementor-size-default\">Fondo Editorial<\/h2>\t\t\t\t<\/div>\n\t\t\t\t<\/div>\n\t\t\t\t\t<\/div>\n\t\t<\/div>\n\t\t\t\t\t<\/div>\n\t\t<\/section>\n\t\t\t\t<section class=\"elementor-section elementor-top-section elementor-element elementor-element-4e64914e elementor-section-boxed elementor-section-height-default elementor-section-height-default\" data-id=\"4e64914e\" data-element_type=\"section\" data-e-type=\"section\" data-settings=\"{&quot;background_background&quot;:&quot;classic&quot;}\">\n\t\t\t\t\t\t<div class=\"elementor-container elementor-column-gap-no\">\n\t\t\t\t\t<div class=\"elementor-column elementor-col-100 elementor-top-column elementor-element elementor-element-48dabfda\" data-id=\"48dabfda\" data-element_type=\"column\" data-e-type=\"column\" data-settings=\"{&quot;background_background&quot;:&quot;classic&quot;}\">\n\t\t\t<div class=\"elementor-widget-wrap elementor-element-populated\">\n\t\t\t\t\t\t<section class=\"elementor-section elementor-inner-section elementor-element elementor-element-1edea990 elementor-section-boxed elementor-section-height-default elementor-section-height-default elementor-invisible\" data-id=\"1edea990\" data-element_type=\"section\" data-e-type=\"section\" data-settings=\"{&quot;animation&quot;:&quot;fadeInUp&quot;}\">\n\t\t\t\t\t\t<div class=\"elementor-container elementor-column-gap-no\">\n\t\t\t\t\t<div class=\"elementor-column elementor-col-100 elementor-inner-column elementor-element elementor-element-5f550962\" data-id=\"5f550962\" data-element_type=\"column\" data-e-type=\"column\">\n\t\t\t<div class=\"elementor-widget-wrap\">\n\t\t\t\t\t\t\t<\/div>\n\t\t<\/div>\n\t\t\t\t\t<\/div>\n\t\t<\/section>\n\t\t\t\t\t<\/div>\n\t\t<\/div>\n\t\t\t\t\t<\/div>\n\t\t<\/section>\n\t\t\t\t<section class=\"elementor-section elementor-top-section elementor-element elementor-element-3a7380f elementor-section-boxed elementor-section-height-default elementor-section-height-default\" data-id=\"3a7380f\" data-element_type=\"section\" data-e-type=\"section\">\n\t\t\t\t\t\t<div class=\"elementor-container elementor-column-gap-default\">\n\t\t\t\t\t<div class=\"elementor-column elementor-col-100 elementor-top-column elementor-element elementor-element-da0340d\" data-id=\"da0340d\" data-element_type=\"column\" data-e-type=\"column\">\n\t\t\t<div class=\"elementor-widget-wrap elementor-element-populated\">\n\t\t\t\t\t\t<div class=\"elementor-element elementor-element-1df35a4 animated-slow elementor-invisible elementor-widget elementor-widget-text-editor\" data-id=\"1df35a4\" data-element_type=\"widget\" data-e-type=\"widget\" data-settings=\"{&quot;_animation&quot;:&quot;pulse&quot;}\" data-widget_type=\"text-editor.default\">\n\t\t\t\t<div class=\"elementor-widget-container\">\n\t\t\t\t\t\t\t\t\t<h5 style=\"text-align: center;\"><span style=\"color: #333333;\">Si te interesa algun e-book de la coleccion del fondo editorial UVM puedes adquirirlo dando clic en cada uno de ellos\u00a0<\/span><\/h5>\t\t\t\t\t\t\t\t<\/div>\n\t\t\t\t<\/div>\n\t\t\t\t<div class=\"elementor-element elementor-element-c6b3714 elementor-widget-divider--view-line elementor-widget elementor-widget-divider\" data-id=\"c6b3714\" data-element_type=\"widget\" data-e-type=\"widget\" data-widget_type=\"divider.default\">\n\t\t\t\t<div class=\"elementor-widget-container\">\n\t\t\t\t\t\t\t<div class=\"elementor-divider\">\n\t\t\t<span class=\"elementor-divider-separator\">\n\t\t\t\t\t\t<\/span>\n\t\t<\/div>\n\t\t\t\t\t\t<\/div>\n\t\t\t\t<\/div>\n\t\t\t\t\t<\/div>\n\t\t<\/div>\n\t\t\t\t\t<\/div>\n\t\t<\/section>\n\t\t\t\t<section class=\"elementor-section elementor-top-section elementor-element elementor-element-fb75910 elementor-section-boxed elementor-section-height-default elementor-section-height-default\" data-id=\"fb75910\" data-element_type=\"section\" data-e-type=\"section\">\n\t\t\t\t\t\t<div class=\"elementor-container elementor-column-gap-wider\">\n\t\t\t\t\t<div class=\"elementor-column elementor-col-25 elementor-top-column elementor-element elementor-element-124c9bd\" data-id=\"124c9bd\" data-element_type=\"column\" data-e-type=\"column\">\n\t\t\t<div class=\"elementor-widget-wrap elementor-element-populated\">\n\t\t\t\t\t\t<div class=\"elementor-element elementor-element-ef1c2d9 elementor-position-top elementor-widget elementor-widget-image-box\" data-id=\"ef1c2d9\" data-element_type=\"widget\" data-e-type=\"widget\" data-widget_type=\"image-box.default\">\n\t\t\t\t<div class=\"elementor-widget-container\">\n\t\t\t\t\t<div class=\"elementor-image-box-wrapper\"><figure class=\"elementor-image-box-img\"><a href=\"https:\/\/www.newtonedicionytecnologia.com.mx\/9786079910167\" target=\"_blank\" tabindex=\"-1\"><img decoding=\"async\" width=\"577\" height=\"776\" src=\"https:\/\/bibliotecas.uvmnet.edu\/portico\/gui\/wp-content\/uploads\/2023\/08\/TRABAJO-COLABORATIVO-EN-EDUCACION-UNIVERSITARIA.png\" class=\"attachment-full size-full wp-image-7325\" alt=\"\" srcset=\"https:\/\/bibliotecas.uvmnet.edu\/portico\/gui\/wp-content\/uploads\/2023\/08\/TRABAJO-COLABORATIVO-EN-EDUCACION-UNIVERSITARIA.png 577w, https:\/\/bibliotecas.uvmnet.edu\/portico\/gui\/wp-content\/uploads\/2023\/08\/TRABAJO-COLABORATIVO-EN-EDUCACION-UNIVERSITARIA-223x300.png 223w, https:\/\/bibliotecas.uvmnet.edu\/portico\/gui\/wp-content\/uploads\/2023\/08\/TRABAJO-COLABORATIVO-EN-EDUCACION-UNIVERSITARIA-230x309.png 230w, https:\/\/bibliotecas.uvmnet.edu\/portico\/gui\/wp-content\/uploads\/2023\/08\/TRABAJO-COLABORATIVO-EN-EDUCACION-UNIVERSITARIA-350x471.png 350w, https:\/\/bibliotecas.uvmnet.edu\/portico\/gui\/wp-content\/uploads\/2023\/08\/TRABAJO-COLABORATIVO-EN-EDUCACION-UNIVERSITARIA-480x646.png 480w\" sizes=\"(max-width: 577px) 100vw, 577px\" \/><\/a><\/figure><div class=\"elementor-image-box-content\"><h3 class=\"elementor-image-box-title\"><a href=\"https:\/\/www.newtonedicionytecnologia.com.mx\/9786079910167\" target=\"_blank\">Trabajo colaborativo en eduaci\u00f3n universitaria <\/a><\/h3><p class=\"elementor-image-box-description\">Autora: Roc\u00edo Elizabeth Duarte Ayala<\/p><\/div><\/div>\t\t\t\t<\/div>\n\t\t\t\t<\/div>\n\t\t\t\t<div class=\"elementor-element elementor-element-bfdfef1 elementor-widget elementor-widget-text-editor\" data-id=\"bfdfef1\" data-element_type=\"widget\" data-e-type=\"widget\" data-widget_type=\"text-editor.default\">\n\t\t\t\t<div class=\"elementor-widget-container\">\n\t\t\t\t\t\t\t\t\t<p>El libro \u201cTrabajo colaborativo en educaci\u00f3n universitaria: del modelo tradicional a los entornos virtuales\u201d, nos permite reconocer elementos te\u00f3rico- metodol\u00f3gicos para el dise\u00f1o de la clase y la creaci\u00f3n de entornos virtuales para obtener aprendizajes significativos en el contexto educativo a distancia o en modalidad h\u00edbrida. En el desarrollo de los cap\u00edtulos tienen como prop\u00f3sito ampliar el conocimiento y la experiencia en los entornos digitales con herramientas educativas virtuales y pueda mejorar el desempe\u00f1o de las actividades de clase.<\/p>\t\t\t\t\t\t\t\t<\/div>\n\t\t\t\t<\/div>\n\t\t\t\t\t<\/div>\n\t\t<\/div>\n\t\t\t\t<div class=\"elementor-column elementor-col-25 elementor-top-column elementor-element elementor-element-872e913\" data-id=\"872e913\" data-element_type=\"column\" data-e-type=\"column\">\n\t\t\t<div class=\"elementor-widget-wrap elementor-element-populated\">\n\t\t\t\t\t\t<div class=\"elementor-element elementor-element-4a8ae32 elementor-position-top elementor-widget elementor-widget-image-box\" data-id=\"4a8ae32\" data-element_type=\"widget\" data-e-type=\"widget\" data-widget_type=\"image-box.default\">\n\t\t\t\t<div class=\"elementor-widget-container\">\n\t\t\t\t\t<div class=\"elementor-image-box-wrapper\"><figure class=\"elementor-image-box-img\"><a href=\"https:\/\/www.ecoeediciones.mx\/libros\/formato\/ebooks\/medicion-de-competitividad-para-empresas-turisticas-en-mexico-y-peru-1ra-edicion\/\" target=\"_blank\" tabindex=\"-1\"><img decoding=\"async\" width=\"579\" height=\"867\" src=\"https:\/\/bibliotecas.uvmnet.edu\/portico\/gui\/wp-content\/uploads\/2023\/08\/MEDICION-DE-COMPETITIVIDAD.png\" class=\"attachment-full size-full wp-image-7324\" alt=\"\" srcset=\"https:\/\/bibliotecas.uvmnet.edu\/portico\/gui\/wp-content\/uploads\/2023\/08\/MEDICION-DE-COMPETITIVIDAD.png 579w, https:\/\/bibliotecas.uvmnet.edu\/portico\/gui\/wp-content\/uploads\/2023\/08\/MEDICION-DE-COMPETITIVIDAD-200x300.png 200w, https:\/\/bibliotecas.uvmnet.edu\/portico\/gui\/wp-content\/uploads\/2023\/08\/MEDICION-DE-COMPETITIVIDAD-230x344.png 230w, https:\/\/bibliotecas.uvmnet.edu\/portico\/gui\/wp-content\/uploads\/2023\/08\/MEDICION-DE-COMPETITIVIDAD-350x524.png 350w, https:\/\/bibliotecas.uvmnet.edu\/portico\/gui\/wp-content\/uploads\/2023\/08\/MEDICION-DE-COMPETITIVIDAD-480x719.png 480w\" sizes=\"(max-width: 579px) 100vw, 579px\" \/><\/a><\/figure><div class=\"elementor-image-box-content\"><h3 class=\"elementor-image-box-title\"><a href=\"https:\/\/www.ecoeediciones.mx\/libros\/formato\/ebooks\/medicion-de-competitividad-para-empresas-turisticas-en-mexico-y-peru-1ra-edicion\/\" target=\"_blank\">Medici\u00f3n de competitividad para empresas tur\u00edsiticas en M\u00e9xico y Per\u00fa<\/a><\/h3><p class=\"elementor-image-box-description\">Autora:\u200b Liliana Ru\u00edz Fuentes<\/p><\/div><\/div>\t\t\t\t<\/div>\n\t\t\t\t<\/div>\n\t\t\t\t<div class=\"elementor-element elementor-element-f2107c5 elementor-widget elementor-widget-text-editor\" data-id=\"f2107c5\" data-element_type=\"widget\" data-e-type=\"widget\" data-widget_type=\"text-editor.default\">\n\t\t\t\t<div class=\"elementor-widget-container\">\n\t\t\t\t\t\t\t\t\t<p>Es bien conocido el impacto que tiene la actividad tur\u00edstica en la econom\u00eda en M\u00e9xico y en otras naciones de Am\u00e9rica Latina; en el contexto de pandemia por Covid19, cobra mayor relevancia la contribuci\u00f3n que el turismo puede hacer al desarrollo econ\u00f3mico y a un mayor grado de bienestar. Para ello resulta indispensable ayudar a las empresas de la regi\u00f3n a elevar sus niveles de competitividad. Con el objetivo de medir para mejorar, se crea un instrumento de medici\u00f3n y se aplica a empresas de M\u00e9xico y Per\u00fa.\u00a0<\/p>\t\t\t\t\t\t\t\t<\/div>\n\t\t\t\t<\/div>\n\t\t\t\t\t<\/div>\n\t\t<\/div>\n\t\t\t\t<div class=\"elementor-column elementor-col-25 elementor-top-column elementor-element elementor-element-114bc74\" data-id=\"114bc74\" data-element_type=\"column\" data-e-type=\"column\">\n\t\t\t<div class=\"elementor-widget-wrap elementor-element-populated\">\n\t\t\t\t\t\t<div class=\"elementor-element elementor-element-ae30798 elementor-position-top elementor-widget elementor-widget-image-box\" data-id=\"ae30798\" data-element_type=\"widget\" data-e-type=\"widget\" data-widget_type=\"image-box.default\">\n\t\t\t\t<div class=\"elementor-widget-container\">\n\t\t\t\t\t<div class=\"elementor-image-box-wrapper\"><figure class=\"elementor-image-box-img\"><a href=\"https:\/\/www.ecoeediciones.com\/libros\/manual-para-elaborar-citas-y-referencias-en-formato-apa-7ma-edicion-digital\/\" target=\"_blank\" tabindex=\"-1\"><img loading=\"lazy\" decoding=\"async\" width=\"300\" height=\"417\" src=\"https:\/\/bibliotecas.uvmnet.edu\/portico\/gui\/wp-content\/uploads\/2023\/08\/MANUALM-PARA-ELABORAR-CITAS-Y-REFERENCIAS.png\" class=\"attachment-full size-full wp-image-7323\" alt=\"\" srcset=\"https:\/\/bibliotecas.uvmnet.edu\/portico\/gui\/wp-content\/uploads\/2023\/08\/MANUALM-PARA-ELABORAR-CITAS-Y-REFERENCIAS.png 300w, https:\/\/bibliotecas.uvmnet.edu\/portico\/gui\/wp-content\/uploads\/2023\/08\/MANUALM-PARA-ELABORAR-CITAS-Y-REFERENCIAS-216x300.png 216w, https:\/\/bibliotecas.uvmnet.edu\/portico\/gui\/wp-content\/uploads\/2023\/08\/MANUALM-PARA-ELABORAR-CITAS-Y-REFERENCIAS-230x320.png 230w\" sizes=\"(max-width: 300px) 100vw, 300px\" \/><\/a><\/figure><div class=\"elementor-image-box-content\"><h3 class=\"elementor-image-box-title\"><a href=\"https:\/\/www.ecoeediciones.com\/libros\/manual-para-elaborar-citas-y-referencias-en-formato-apa-7ma-edicion-digital\/\" target=\"_blank\">Citas y referencias en formato APA <\/a><\/h3><p class=\"elementor-image-box-description\">Autora: Arely Velasco Ponce<\/p><\/div><\/div>\t\t\t\t<\/div>\n\t\t\t\t<\/div>\n\t\t\t\t<div class=\"elementor-element elementor-element-a044d56 elementor-widget elementor-widget-text-editor\" data-id=\"a044d56\" data-element_type=\"widget\" data-e-type=\"widget\" data-widget_type=\"text-editor.default\">\n\t\t\t\t<div class=\"elementor-widget-container\">\n\t\t\t\t\t\t\t\t\t<p>Este manual, compuesto por tres cap\u00edtulos, explica paso a paso c\u00f3mo elaborar adecuadamente citas y referencias en formato APA, teniendo en cuenta las fuentes m\u00e1s consultadas, todo seg\u00fan los par\u00e1metros de la s\u00e9ptima edici\u00f3n. La obra facilita la comprensi\u00f3n de los elementos al utilizar un m\u00e9todo de colores asignado a cada uno de ellos y presentando ejemplos y ejercicios para cada tema.<\/p><p>Est\u00e1 dirigido a docentes, bibliotecarios, alumnos y todos aquellos que por sus actividades acad\u00e9micas o de investigaci\u00f3n tengan la necesidad de utilizar el estilo APA, ya sea para ense\u00f1ar o para la construcci\u00f3n de trabajos propios.<\/p>\t\t\t\t\t\t\t\t<\/div>\n\t\t\t\t<\/div>\n\t\t\t\t\t<\/div>\n\t\t<\/div>\n\t\t\t\t<div class=\"elementor-column elementor-col-25 elementor-top-column elementor-element elementor-element-332de4e\" data-id=\"332de4e\" data-element_type=\"column\" data-e-type=\"column\">\n\t\t\t<div class=\"elementor-widget-wrap elementor-element-populated\">\n\t\t\t\t\t\t<div class=\"elementor-element elementor-element-c3203b0 elementor-position-top elementor-widget elementor-widget-image-box\" data-id=\"c3203b0\" data-element_type=\"widget\" data-e-type=\"widget\" data-widget_type=\"image-box.default\">\n\t\t\t\t<div class=\"elementor-widget-container\">\n\t\t\t\t\t<div class=\"elementor-image-box-wrapper\"><figure class=\"elementor-image-box-img\"><a href=\"https:\/\/editorial.tirant.com\/mex\/ebook\/analisis-del-regimen-juridico-del-agua-en-mexico-victor-amaury-simental-franco-9788413785561\" target=\"_blank\" tabindex=\"-1\"><img loading=\"lazy\" decoding=\"async\" width=\"294\" height=\"430\" src=\"https:\/\/bibliotecas.uvmnet.edu\/portico\/gui\/wp-content\/uploads\/2023\/08\/FUNDAMENTOS-CONSTITUCIONALES.png\" class=\"attachment-full size-full wp-image-7322\" alt=\"\" srcset=\"https:\/\/bibliotecas.uvmnet.edu\/portico\/gui\/wp-content\/uploads\/2023\/08\/FUNDAMENTOS-CONSTITUCIONALES.png 294w, https:\/\/bibliotecas.uvmnet.edu\/portico\/gui\/wp-content\/uploads\/2023\/08\/FUNDAMENTOS-CONSTITUCIONALES-205x300.png 205w, https:\/\/bibliotecas.uvmnet.edu\/portico\/gui\/wp-content\/uploads\/2023\/08\/FUNDAMENTOS-CONSTITUCIONALES-230x336.png 230w\" sizes=\"(max-width: 294px) 100vw, 294px\" \/><\/a><\/figure><div class=\"elementor-image-box-content\"><h3 class=\"elementor-image-box-title\"><a href=\"https:\/\/editorial.tirant.com\/mex\/ebook\/analisis-del-regimen-juridico-del-agua-en-mexico-victor-amaury-simental-franco-9788413785561\" target=\"_blank\">Fundamentos constitucionales del derecho electoral mexicano <\/a><\/h3><p class=\"elementor-image-box-description\">Autor(s): Victor Amaury Simental Franco<\/p><\/div><\/div>\t\t\t\t<\/div>\n\t\t\t\t<\/div>\n\t\t\t\t<div class=\"elementor-element elementor-element-f1af892 elementor-widget elementor-widget-text-editor\" data-id=\"f1af892\" data-element_type=\"widget\" data-e-type=\"widget\" data-widget_type=\"text-editor.default\">\n\t\t\t\t<div class=\"elementor-widget-container\">\n\t\t\t\t\t\t\t\t\t<p>La lucha por el poder pol\u00edtico, es una guerra en la que como todas, los contendientes buscan por todos los medios obtener la victoria. De ah\u00ed la necesidad de imponer reglas que permitan un juego limpio. Esto derivo en el surgimiento de una rama especializada del Derecho: el Derecho Electoral. Esta materia es de reciente cu\u00f1o y sigue perfeccion\u00e1ndose, dado que lo que esta en juego es precisamente el poder p\u00fablico. En este libro son estudiadas las normas jur\u00eddicas que regulan el sistema electoral mexicano,\u00a0<\/p>\t\t\t\t\t\t\t\t<\/div>\n\t\t\t\t<\/div>\n\t\t\t\t\t<\/div>\n\t\t<\/div>\n\t\t\t\t\t<\/div>\n\t\t<\/section>\n\t\t\t\t<section class=\"elementor-section elementor-top-section elementor-element elementor-element-bb990b2 elementor-section-boxed elementor-section-height-default elementor-section-height-default\" data-id=\"bb990b2\" data-element_type=\"section\" data-e-type=\"section\">\n\t\t\t\t\t\t<div class=\"elementor-container elementor-column-gap-wider\">\n\t\t\t\t\t<div class=\"elementor-column elementor-col-25 elementor-top-column elementor-element elementor-element-3243b18\" data-id=\"3243b18\" data-element_type=\"column\" data-e-type=\"column\">\n\t\t\t<div class=\"elementor-widget-wrap elementor-element-populated\">\n\t\t\t\t\t\t<div class=\"elementor-element elementor-element-1698093 elementor-position-top elementor-widget elementor-widget-image-box\" data-id=\"1698093\" data-element_type=\"widget\" data-e-type=\"widget\" data-widget_type=\"image-box.default\">\n\t\t\t\t<div class=\"elementor-widget-container\">\n\t\t\t\t\t<div class=\"elementor-image-box-wrapper\"><figure class=\"elementor-image-box-img\"><a href=\"https:\/\/www.newtonedicionytecnologia.com.mx\/9786079910174\" target=\"_blank\" tabindex=\"-1\"><img loading=\"lazy\" decoding=\"async\" width=\"884\" height=\"1179\" src=\"https:\/\/bibliotecas.uvmnet.edu\/portico\/gui\/wp-content\/uploads\/2023\/08\/EXPERIENCIAS-EDUCATIVAS-COMPARTIDAS.png\" class=\"attachment-full size-full wp-image-7321\" alt=\"\" srcset=\"https:\/\/bibliotecas.uvmnet.edu\/portico\/gui\/wp-content\/uploads\/2023\/08\/EXPERIENCIAS-EDUCATIVAS-COMPARTIDAS.png 884w, https:\/\/bibliotecas.uvmnet.edu\/portico\/gui\/wp-content\/uploads\/2023\/08\/EXPERIENCIAS-EDUCATIVAS-COMPARTIDAS-225x300.png 225w, https:\/\/bibliotecas.uvmnet.edu\/portico\/gui\/wp-content\/uploads\/2023\/08\/EXPERIENCIAS-EDUCATIVAS-COMPARTIDAS-768x1024.png 768w, https:\/\/bibliotecas.uvmnet.edu\/portico\/gui\/wp-content\/uploads\/2023\/08\/EXPERIENCIAS-EDUCATIVAS-COMPARTIDAS-230x307.png 230w, https:\/\/bibliotecas.uvmnet.edu\/portico\/gui\/wp-content\/uploads\/2023\/08\/EXPERIENCIAS-EDUCATIVAS-COMPARTIDAS-350x467.png 350w, https:\/\/bibliotecas.uvmnet.edu\/portico\/gui\/wp-content\/uploads\/2023\/08\/EXPERIENCIAS-EDUCATIVAS-COMPARTIDAS-480x640.png 480w\" sizes=\"(max-width: 884px) 100vw, 884px\" \/><\/a><\/figure><div class=\"elementor-image-box-content\"><h3 class=\"elementor-image-box-title\"><a href=\"https:\/\/www.newtonedicionytecnologia.com.mx\/9786079910174\" target=\"_blank\">Experiencias educativas compartidas<\/a><\/h3><p class=\"elementor-image-box-description\">Autor(s):Roc\u00edo Elizabeth Duarte Ayala \nNayeli Karina Rojas Tinoco<\/p><\/div><\/div>\t\t\t\t<\/div>\n\t\t\t\t<\/div>\n\t\t\t\t<div class=\"elementor-element elementor-element-2871a5e elementor-widget elementor-widget-text-editor\" data-id=\"2871a5e\" data-element_type=\"widget\" data-e-type=\"widget\" data-widget_type=\"text-editor.default\">\n\t\t\t\t<div class=\"elementor-widget-container\">\n\t\t\t\t\t\t\t\t\t<p>La educaci\u00f3n virtual en tiempos de COVID-19 presenta grandes retos y desaf\u00edos, desde situaciones de los universitarios, docentes, instituciones de educaci\u00f3n superior hasta las condiciones internas en los diferentes pa\u00edses. Al integrar experiencias de los alumnos y docentes en la realidad actual de la educaci\u00f3n y las perspectivas actuales de la educaci\u00f3n superior en M\u00e9xico y Latinoam\u00e9rica durante el confinamiento se genera en esta obra una serie de propuestas y reflexiones para equipar de herramientas a los universitarios, docentes y autoridades en educaci\u00f3n superior en el momento actual.\u00a0<\/p>\t\t\t\t\t\t\t\t<\/div>\n\t\t\t\t<\/div>\n\t\t\t\t\t<\/div>\n\t\t<\/div>\n\t\t\t\t<div class=\"elementor-column elementor-col-25 elementor-top-column elementor-element elementor-element-7f9860b\" data-id=\"7f9860b\" data-element_type=\"column\" data-e-type=\"column\">\n\t\t\t<div class=\"elementor-widget-wrap elementor-element-populated\">\n\t\t\t\t\t\t<div class=\"elementor-element elementor-element-9b9369e elementor-position-top elementor-widget elementor-widget-image-box\" data-id=\"9b9369e\" data-element_type=\"widget\" data-e-type=\"widget\" data-widget_type=\"image-box.default\">\n\t\t\t\t<div class=\"elementor-widget-container\">\n\t\t\t\t\t<div class=\"elementor-image-box-wrapper\"><figure class=\"elementor-image-box-img\"><a href=\"https:\/\/www.newtonedicionytecnologia.com.mx\/9786079910143\" target=\"_blank\" tabindex=\"-1\"><img loading=\"lazy\" decoding=\"async\" width=\"417\" height=\"574\" src=\"https:\/\/bibliotecas.uvmnet.edu\/portico\/gui\/wp-content\/uploads\/2023\/08\/EMERGENCIA-SANITARIA.png\" class=\"attachment-full size-full wp-image-7320\" alt=\"\" srcset=\"https:\/\/bibliotecas.uvmnet.edu\/portico\/gui\/wp-content\/uploads\/2023\/08\/EMERGENCIA-SANITARIA.png 417w, https:\/\/bibliotecas.uvmnet.edu\/portico\/gui\/wp-content\/uploads\/2023\/08\/EMERGENCIA-SANITARIA-218x300.png 218w, https:\/\/bibliotecas.uvmnet.edu\/portico\/gui\/wp-content\/uploads\/2023\/08\/EMERGENCIA-SANITARIA-230x317.png 230w, https:\/\/bibliotecas.uvmnet.edu\/portico\/gui\/wp-content\/uploads\/2023\/08\/EMERGENCIA-SANITARIA-350x482.png 350w\" sizes=\"(max-width: 417px) 100vw, 417px\" \/><\/a><\/figure><div class=\"elementor-image-box-content\"><h3 class=\"elementor-image-box-title\"><a href=\"https:\/\/www.newtonedicionytecnologia.com.mx\/9786079910143\" target=\"_blank\">Emergencia sanitaria COVID 19, salud psicol\u00f3gica y estr\u00e9s<\/a><\/h3><p class=\"elementor-image-box-description\">Autora:\u200b Roc\u00edo Elizabeth Duarte Ayala<\/p><\/div><\/div>\t\t\t\t<\/div>\n\t\t\t\t<\/div>\n\t\t\t\t<div class=\"elementor-element elementor-element-ca0c327 elementor-widget elementor-widget-text-editor\" data-id=\"ca0c327\" data-element_type=\"widget\" data-e-type=\"widget\" data-widget_type=\"text-editor.default\">\n\t\t\t\t<div class=\"elementor-widget-container\">\n\t\t\t\t\t\t\t\t\t<p>La presente obra ha sido dise\u00f1ada con el prop\u00f3sito de presentar una serie de investigaciones y sus resultados sobre la salud psicol\u00f3gica en t\u00e9rminos del estr\u00e9s, la actividad f\u00edsica, la alimentaci\u00f3n saludable, el impacto del trabajo acad\u00e9mico sobre el cuerpo como Cervicalg\u00eda y el impacto de la vivienda en el estr\u00e9s de los universitarios durante el confinamiento por COVID-19 que afecta a todos los sectores de la poblaci\u00f3n mundial, en su salud, econom\u00eda y sociedad, pero es especialmente negativa para algunos grupos de la poblaci\u00f3n que son vulnerables por distintas condiciones como son los estudiantes universitarios.\u00a0<\/p>\t\t\t\t\t\t\t\t<\/div>\n\t\t\t\t<\/div>\n\t\t\t\t\t<\/div>\n\t\t<\/div>\n\t\t\t\t<div class=\"elementor-column elementor-col-25 elementor-top-column elementor-element elementor-element-95f3b4e\" data-id=\"95f3b4e\" data-element_type=\"column\" data-e-type=\"column\">\n\t\t\t<div class=\"elementor-widget-wrap elementor-element-populated\">\n\t\t\t\t\t\t<div class=\"elementor-element elementor-element-818c531 elementor-position-top elementor-widget elementor-widget-image-box\" data-id=\"818c531\" data-element_type=\"widget\" data-e-type=\"widget\" data-widget_type=\"image-box.default\">\n\t\t\t\t<div class=\"elementor-widget-container\">\n\t\t\t\t\t<div class=\"elementor-image-box-wrapper\"><figure class=\"elementor-image-box-img\"><a href=\"https:\/\/www.amazon.com.mx\/Educar-trav%C3%A9s-virtualidad-tiempos-contigencia-ebook\/dp\/B09QLFD5Y2\" target=\"_blank\" tabindex=\"-1\"><img loading=\"lazy\" decoding=\"async\" width=\"300\" height=\"500\" src=\"https:\/\/bibliotecas.uvmnet.edu\/portico\/gui\/wp-content\/uploads\/2023\/08\/EDUCAR-A-TRAVES-DE-LA-VIRTUALIDAD.png\" class=\"attachment-full size-full wp-image-7319\" alt=\"\" srcset=\"https:\/\/bibliotecas.uvmnet.edu\/portico\/gui\/wp-content\/uploads\/2023\/08\/EDUCAR-A-TRAVES-DE-LA-VIRTUALIDAD.png 300w, https:\/\/bibliotecas.uvmnet.edu\/portico\/gui\/wp-content\/uploads\/2023\/08\/EDUCAR-A-TRAVES-DE-LA-VIRTUALIDAD-180x300.png 180w, https:\/\/bibliotecas.uvmnet.edu\/portico\/gui\/wp-content\/uploads\/2023\/08\/EDUCAR-A-TRAVES-DE-LA-VIRTUALIDAD-230x383.png 230w\" sizes=\"(max-width: 300px) 100vw, 300px\" \/><\/a><\/figure><div class=\"elementor-image-box-content\"><h3 class=\"elementor-image-box-title\"><a href=\"https:\/\/www.amazon.com.mx\/Educar-trav%C3%A9s-virtualidad-tiempos-contigencia-ebook\/dp\/B09QLFD5Y2\" target=\"_blank\">Educar en la virtualidad en tiempos de pandemia.es un encabezado<\/a><\/h3><p class=\"elementor-image-box-description\">Autor(s):\u200b Leticia Rodr\u00edguez Segura\nMar\u00eda de las Mercedes Cancelo San Mart\u00edn<\/p><\/div><\/div>\t\t\t\t<\/div>\n\t\t\t\t<\/div>\n\t\t\t\t<div class=\"elementor-element elementor-element-caf4529 elementor-widget elementor-widget-text-editor\" data-id=\"caf4529\" data-element_type=\"widget\" data-e-type=\"widget\" data-widget_type=\"text-editor.default\">\n\t\t\t\t<div class=\"elementor-widget-container\">\n\t\t\t\t\t\t\t\t\t<p>La pandemia vino a trastocar la forma en la cual la docencia se tuvo que realizar, esta condici\u00f3n implico desconcierto y nuevos retos para cualquier ense\u00f1ante. As\u00ed el libro es una compilaci\u00f3n de una serie de ensayos en los cuales los investigadores presentan sus reflexiones argumentadas sobre\u00a0 la forma en la cual se usa la tecnolog\u00eda para las clases, s\u00ed como los retos a nivel profesional sobre lo que se hace en una aula de tipo virtual.<\/p>\t\t\t\t\t\t\t\t<\/div>\n\t\t\t\t<\/div>\n\t\t\t\t\t<\/div>\n\t\t<\/div>\n\t\t\t\t<div class=\"elementor-column elementor-col-25 elementor-top-column elementor-element elementor-element-ec7ad9f\" data-id=\"ec7ad9f\" data-element_type=\"column\" data-e-type=\"column\">\n\t\t\t<div class=\"elementor-widget-wrap elementor-element-populated\">\n\t\t\t\t\t\t<div class=\"elementor-element elementor-element-989091e elementor-position-top elementor-widget elementor-widget-image-box\" data-id=\"989091e\" data-element_type=\"widget\" data-e-type=\"widget\" data-widget_type=\"image-box.default\">\n\t\t\t\t<div class=\"elementor-widget-container\">\n\t\t\t\t\t<div class=\"elementor-image-box-wrapper\"><figure class=\"elementor-image-box-img\"><a href=\"https:\/\/editorial.tirant.com\/mex\/libro\/derecho-de-las-obligaciones-victor-amaury-simental-franco-9788413785585\" target=\"_blank\" tabindex=\"-1\"><img loading=\"lazy\" decoding=\"async\" width=\"304\" height=\"424\" src=\"https:\/\/bibliotecas.uvmnet.edu\/portico\/gui\/wp-content\/uploads\/2023\/08\/DERECHO-DE-LAS-OBLIGACIONES.png\" class=\"attachment-full size-full wp-image-7318\" alt=\"\" srcset=\"https:\/\/bibliotecas.uvmnet.edu\/portico\/gui\/wp-content\/uploads\/2023\/08\/DERECHO-DE-LAS-OBLIGACIONES.png 304w, https:\/\/bibliotecas.uvmnet.edu\/portico\/gui\/wp-content\/uploads\/2023\/08\/DERECHO-DE-LAS-OBLIGACIONES-215x300.png 215w, https:\/\/bibliotecas.uvmnet.edu\/portico\/gui\/wp-content\/uploads\/2023\/08\/DERECHO-DE-LAS-OBLIGACIONES-230x321.png 230w\" sizes=\"(max-width: 304px) 100vw, 304px\" \/><\/a><\/figure><div class=\"elementor-image-box-content\"><h3 class=\"elementor-image-box-title\"><a href=\"https:\/\/editorial.tirant.com\/mex\/libro\/derecho-de-las-obligaciones-victor-amaury-simental-franco-9788413785585\" target=\"_blank\">Derecho de las obligaciones<\/a><\/h3><p class=\"elementor-image-box-description\">Autor(s):\u200b Victor Amaury Simental Franco<\/p><\/div><\/div>\t\t\t\t<\/div>\n\t\t\t\t<\/div>\n\t\t\t\t<div class=\"elementor-element elementor-element-7486e4b elementor-widget elementor-widget-text-editor\" data-id=\"7486e4b\" data-element_type=\"widget\" data-e-type=\"widget\" data-widget_type=\"text-editor.default\">\n\t\t\t\t<div class=\"elementor-widget-container\">\n\t\t\t\t\t\t\t\t\t<p>Este libro desarrolla a cabalidad todos los temas de las materias de &#8220;teor\u00eda de las obligaciones&#8221;, &#8220;obligaciones civiles&#8221; y &#8220;obligaciones y contratos&#8221;. Tiene la enorme ventaja de haber sido desarrollado bajo la metodolog\u00eda de caso, lo cual facilita la comprensi\u00f3n por parte de los estudiantes, ya que se conjuga de manera arm\u00f3nica la teor\u00eda y la pr\u00e1ctica.\u00a0 p\u00fablicas y privadas, es investigador nacional SNI 1.<\/p>\t\t\t\t\t\t\t\t<\/div>\n\t\t\t\t<\/div>\n\t\t\t\t\t<\/div>\n\t\t<\/div>\n\t\t\t\t\t<\/div>\n\t\t<\/section>\n\t\t\t\t<section class=\"elementor-section elementor-top-section elementor-element elementor-element-1ab7681 elementor-section-boxed elementor-section-height-default elementor-section-height-default\" data-id=\"1ab7681\" data-element_type=\"section\" data-e-type=\"section\">\n\t\t\t\t\t\t<div class=\"elementor-container elementor-column-gap-wider\">\n\t\t\t\t\t<div class=\"elementor-column elementor-col-25 elementor-top-column elementor-element elementor-element-8e21634\" data-id=\"8e21634\" data-element_type=\"column\" data-e-type=\"column\">\n\t\t\t<div class=\"elementor-widget-wrap elementor-element-populated\">\n\t\t\t\t\t\t<div class=\"elementor-element elementor-element-0c19c53 elementor-position-top elementor-widget elementor-widget-image-box\" data-id=\"0c19c53\" data-element_type=\"widget\" data-e-type=\"widget\" data-widget_type=\"image-box.default\">\n\t\t\t\t<div class=\"elementor-widget-container\">\n\t\t\t\t\t<div class=\"elementor-image-box-wrapper\"><figure class=\"elementor-image-box-img\"><a href=\"https:\/\/editorial.tirant.com\/mex\/ebook\/derecho-ambiental-desarrollo-sostenible-y-responsabilidad-social-victor-amaury-simental-franco-9788413785578\" target=\"_blank\" tabindex=\"-1\"><img loading=\"lazy\" decoding=\"async\" width=\"384\" height=\"521\" src=\"https:\/\/bibliotecas.uvmnet.edu\/portico\/gui\/wp-content\/uploads\/2023\/08\/DERECHO-AMBIENTAL.png\" class=\"attachment-full size-full wp-image-7317\" alt=\"\" srcset=\"https:\/\/bibliotecas.uvmnet.edu\/portico\/gui\/wp-content\/uploads\/2023\/08\/DERECHO-AMBIENTAL.png 384w, https:\/\/bibliotecas.uvmnet.edu\/portico\/gui\/wp-content\/uploads\/2023\/08\/DERECHO-AMBIENTAL-221x300.png 221w, https:\/\/bibliotecas.uvmnet.edu\/portico\/gui\/wp-content\/uploads\/2023\/08\/DERECHO-AMBIENTAL-230x312.png 230w, https:\/\/bibliotecas.uvmnet.edu\/portico\/gui\/wp-content\/uploads\/2023\/08\/DERECHO-AMBIENTAL-350x475.png 350w\" sizes=\"(max-width: 384px) 100vw, 384px\" \/><\/a><\/figure><div class=\"elementor-image-box-content\"><h3 class=\"elementor-image-box-title\"><a href=\"https:\/\/editorial.tirant.com\/mex\/ebook\/derecho-ambiental-desarrollo-sostenible-y-responsabilidad-social-victor-amaury-simental-franco-9788413785578\" target=\"_blank\">Derecho ambiental, desarrollo sostenible y responsabilidad social <\/a><\/h3><p class=\"elementor-image-box-description\">Autor(s) :\u200b Victor Amaury Simental Franco<\/p><\/div><\/div>\t\t\t\t<\/div>\n\t\t\t\t<\/div>\n\t\t\t\t<div class=\"elementor-element elementor-element-3415d92 elementor-widget elementor-widget-text-editor\" data-id=\"3415d92\" data-element_type=\"widget\" data-e-type=\"widget\" data-widget_type=\"text-editor.default\">\n\t\t\t\t<div class=\"elementor-widget-container\">\n\t\t\t\t\t\t\t\t\t<p>La protecci\u00f3n a la naturaleza se ha convertidoen una necesidad prioritaria para la humanidad, el vinculo sociedad-naturaleza es indisoluble, y el r\u00e9gimen jur\u00eddico no pod\u00eda escapar a estas situaciones. En este libro son estudiadas las normas jur\u00eddicas que regulan el actuar humano en el uso de los elementos naturales, se parte desde los principios constitucionales consagrados en los art\u00edculos 4o y 27 de la Constituci\u00f3n Pol\u00edtica de los Estados Unidos Mexicanos hasta el estudio espec\u00edfico de normas de jerarqu\u00eda menor.\u00a0<\/p>\t\t\t\t\t\t\t\t<\/div>\n\t\t\t\t<\/div>\n\t\t\t\t\t<\/div>\n\t\t<\/div>\n\t\t\t\t<div class=\"elementor-column elementor-col-25 elementor-top-column elementor-element elementor-element-89f5741\" data-id=\"89f5741\" data-element_type=\"column\" data-e-type=\"column\">\n\t\t\t<div class=\"elementor-widget-wrap elementor-element-populated\">\n\t\t\t\t\t\t<div class=\"elementor-element elementor-element-d66476a elementor-position-top elementor-widget elementor-widget-image-box\" data-id=\"d66476a\" data-element_type=\"widget\" data-e-type=\"widget\" data-widget_type=\"image-box.default\">\n\t\t\t\t<div class=\"elementor-widget-container\">\n\t\t\t\t\t<div class=\"elementor-image-box-wrapper\"><figure class=\"elementor-image-box-img\"><a href=\"https:\/\/www.newtonedicionytecnologia.com.mx\/9786079894542\" target=\"_blank\" tabindex=\"-1\"><img loading=\"lazy\" decoding=\"async\" width=\"460\" height=\"587\" src=\"https:\/\/bibliotecas.uvmnet.edu\/portico\/gui\/wp-content\/uploads\/2023\/08\/COMPETENCIAS-DIGITALES-EN-LA-FORMACION-UNIVERSITARIA.png\" class=\"attachment-full size-full wp-image-7316\" alt=\"\" srcset=\"https:\/\/bibliotecas.uvmnet.edu\/portico\/gui\/wp-content\/uploads\/2023\/08\/COMPETENCIAS-DIGITALES-EN-LA-FORMACION-UNIVERSITARIA.png 460w, https:\/\/bibliotecas.uvmnet.edu\/portico\/gui\/wp-content\/uploads\/2023\/08\/COMPETENCIAS-DIGITALES-EN-LA-FORMACION-UNIVERSITARIA-235x300.png 235w, https:\/\/bibliotecas.uvmnet.edu\/portico\/gui\/wp-content\/uploads\/2023\/08\/COMPETENCIAS-DIGITALES-EN-LA-FORMACION-UNIVERSITARIA-230x294.png 230w, https:\/\/bibliotecas.uvmnet.edu\/portico\/gui\/wp-content\/uploads\/2023\/08\/COMPETENCIAS-DIGITALES-EN-LA-FORMACION-UNIVERSITARIA-350x447.png 350w\" sizes=\"(max-width: 460px) 100vw, 460px\" \/><\/a><\/figure><div class=\"elementor-image-box-content\"><h3 class=\"elementor-image-box-title\"><a href=\"https:\/\/www.newtonedicionytecnologia.com.mx\/9786079894542\" target=\"_blank\">Competencias digitales en la formaci\u00f3n universitaria: educaci\u00f3n basada en evidencias<\/a><\/h3><p class=\"elementor-image-box-description\">Autora:\u200b Roc\u00edo Elizabeth Duarte Ayala<\/p><\/div><\/div>\t\t\t\t<\/div>\n\t\t\t\t<\/div>\n\t\t\t\t<div class=\"elementor-element elementor-element-acb9050 elementor-widget elementor-widget-text-editor\" data-id=\"acb9050\" data-element_type=\"widget\" data-e-type=\"widget\" data-widget_type=\"text-editor.default\">\n\t\t\t\t<div class=\"elementor-widget-container\">\n\t\t\t\t\t\t\t\t\t<p>Este manual, compuesto por tres cap\u00edtulos, explica paso a paso c\u00f3mo elaborar adecuadamente citas y referencias en formato APA, teniendo en cuenta las fuentes m\u00e1s consultadas, todo seg\u00fan los par\u00e1metros de la s\u00e9ptima edici\u00f3n. La obra facilita la comprensi\u00f3n de los elementos al utilizar un m\u00e9todo de colores asignado a cada uno de ellos y presentando ejemplos y ejercicios para cada tema.<\/p><p>Est\u00e1 dirigido a docentes, bibliotecarios, alumnos y todos aquellos que por sus actividades acad\u00e9micas o de investigaci\u00f3n tengan la necesidad de utilizar el estilo APA, ya sea para ense\u00f1ar o para la construcci\u00f3n de trabajos propios.<\/p>\t\t\t\t\t\t\t\t<\/div>\n\t\t\t\t<\/div>\n\t\t\t\t\t<\/div>\n\t\t<\/div>\n\t\t\t\t<div class=\"elementor-column elementor-col-25 elementor-top-column elementor-element elementor-element-3240e6d\" data-id=\"3240e6d\" data-element_type=\"column\" data-e-type=\"column\">\n\t\t\t<div class=\"elementor-widget-wrap elementor-element-populated\">\n\t\t\t\t\t\t<div class=\"elementor-element elementor-element-931e68e elementor-position-top elementor-widget elementor-widget-image-box\" data-id=\"931e68e\" data-element_type=\"widget\" data-e-type=\"widget\" data-widget_type=\"image-box.default\">\n\t\t\t\t<div class=\"elementor-widget-container\">\n\t\t\t\t\t<div class=\"elementor-image-box-wrapper\"><figure class=\"elementor-image-box-img\"><a href=\"https:\/\/editorial.tirant.com\/mex\/ebook\/analisis-del-regimen-juridico-del-agua-en-mexico-victor-amaury-simental-franco-9788413785561\" target=\"_blank\" tabindex=\"-1\"><img loading=\"lazy\" decoding=\"async\" width=\"217\" height=\"323\" src=\"https:\/\/bibliotecas.uvmnet.edu\/portico\/gui\/wp-content\/uploads\/2023\/08\/Analisis-de-regimen-juridico.jpg\" class=\"attachment-full size-full wp-image-7315\" alt=\"\" srcset=\"https:\/\/bibliotecas.uvmnet.edu\/portico\/gui\/wp-content\/uploads\/2023\/08\/Analisis-de-regimen-juridico.jpg 217w, https:\/\/bibliotecas.uvmnet.edu\/portico\/gui\/wp-content\/uploads\/2023\/08\/Analisis-de-regimen-juridico-202x300.jpg 202w\" sizes=\"(max-width: 217px) 100vw, 217px\" \/><\/a><\/figure><div class=\"elementor-image-box-content\"><h3 class=\"elementor-image-box-title\"><a href=\"https:\/\/editorial.tirant.com\/mex\/ebook\/analisis-del-regimen-juridico-del-agua-en-mexico-victor-amaury-simental-franco-9788413785561\" target=\"_blank\">An\u00e1lisis del r\u00e9gimen jur\u00eddico del agua en M\u00e9xico<\/a><\/h3><p class=\"elementor-image-box-description\">Autor(s): Victor Amaury Simental Franco<\/p><\/div><\/div>\t\t\t\t<\/div>\n\t\t\t\t<\/div>\n\t\t\t\t<div class=\"elementor-element elementor-element-b3d722e elementor-widget elementor-widget-text-editor\" data-id=\"b3d722e\" data-element_type=\"widget\" data-e-type=\"widget\" data-widget_type=\"text-editor.default\">\n\t\t\t\t<div class=\"elementor-widget-container\">\n\t\t\t\t\t\t\t\t\t<p>\u00a0El agua es esencial para la vida y para todos los procesos productivos, en este libro se lleva a cabo un estudio pormenorizado del r\u00e9gimen jur\u00eddico vigente en torno al agua en M\u00e9xico, se parte desde los principios constitucionales consagrados en los art\u00edculos 4o y 27 de la Constituci\u00f3n Pol\u00edtica de los Estados Unidos Mexicanos hasta el estudio espec\u00edfico de normas de jerarqu\u00eda menor, y se lleva a cabo una critica puntual del modo en que es explotada el agua, de manera que se utiliza como un medio de enriquecimiento de los m\u00e1s ricos y empobrecimiento de los m\u00e1s desfavorecidos.<\/p>\t\t\t\t\t\t\t\t<\/div>\n\t\t\t\t<\/div>\n\t\t\t\t\t<\/div>\n\t\t<\/div>\n\t\t\t\t<div class=\"elementor-column elementor-col-25 elementor-top-column elementor-element elementor-element-324e3d2\" data-id=\"324e3d2\" data-element_type=\"column\" data-e-type=\"column\">\n\t\t\t<div class=\"elementor-widget-wrap\">\n\t\t\t\t\t\t\t<\/div>\n\t\t<\/div>\n\t\t\t\t\t<\/div>\n\t\t<\/section>\n\t\t\t\t<section class=\"elementor-section elementor-top-section elementor-element elementor-element-537143ff elementor-section-full_width elementor-section-height-default elementor-section-height-default\" data-id=\"537143ff\" data-element_type=\"section\" data-e-type=\"section\" data-settings=\"{&quot;background_background&quot;:&quot;classic&quot;}\">\n\t\t\t\t\t\t<div class=\"elementor-container elementor-column-gap-no\">\n\t\t\t\t\t<div class=\"elementor-column elementor-col-100 elementor-top-column elementor-element elementor-element-99975da\" data-id=\"99975da\" data-element_type=\"column\" data-e-type=\"column\">\n\t\t\t<div class=\"elementor-widget-wrap elementor-element-populated\">\n\t\t\t\t\t\t<section class=\"elementor-section elementor-inner-section elementor-element elementor-element-5328b4e3 elementor-section-full_width elementor-section-height-default elementor-section-height-default elementor-invisible\" data-id=\"5328b4e3\" data-element_type=\"section\" data-e-type=\"section\" data-settings=\"{&quot;animation&quot;:&quot;fadeInUp&quot;}\">\n\t\t\t\t\t\t<div class=\"elementor-container elementor-column-gap-no\">\n\t\t\t\t\t<div class=\"elementor-column elementor-col-100 elementor-inner-column elementor-element elementor-element-2f3eccdc\" data-id=\"2f3eccdc\" data-element_type=\"column\" data-e-type=\"column\">\n\t\t\t<div class=\"elementor-widget-wrap elementor-element-populated\">\n\t\t\t\t\t\t\t<\/div>\n\t\t<\/div>\n\t\t\t\t\t<\/div>\n\t\t<\/section>\n\t\t\t\t\t<\/div>\n\t\t<\/div>\n\t\t\t\t\t<\/div>\n\t\t<\/section>\n\t\t\t\t<\/div>\n\t\t","protected":false},"excerpt":{"rendered":"<p>Fondo Editorial \u00bfQui\u00e9nes somos? El Fondo editorial UVM se orienta principalmente a dar visibilidad a la producci\u00f3n cient\u00edfica de los investigadores docentes [&hellip;]<\/p>\n","protected":false},"author":5,"featured_media":0,"parent":0,"menu_order":0,"comment_status":"closed","ping_status":"closed","template":"page-templates\/page_front-page.php","meta":{"footnotes":""},"class_list":["post-7312","page","type-page","status-publish","hentry"],"_links":{"self":[{"href":"https:\/\/bibliotecas.uvmnet.edu\/portico\/gui\/index.php\/wp-json\/wp\/v2\/pages\/7312","targetHints":{"allow":["GET"]}}],"collection":[{"href":"https:\/\/bibliotecas.uvmnet.edu\/portico\/gui\/index.php\/wp-json\/wp\/v2\/pages"}],"about":[{"href":"https:\/\/bibliotecas.uvmnet.edu\/portico\/gui\/index.php\/wp-json\/wp\/v2\/types\/page"}],"author":[{"embeddable":true,"href":"https:\/\/bibliotecas.uvmnet.edu\/portico\/gui\/index.php\/wp-json\/wp\/v2\/users\/5"}],"replies":[{"embeddable":true,"href":"https:\/\/bibliotecas.uvmnet.edu\/portico\/gui\/index.php\/wp-json\/wp\/v2\/comments?post=7312"}],"version-history":[{"count":86,"href":"https:\/\/bibliotecas.uvmnet.edu\/portico\/gui\/index.php\/wp-json\/wp\/v2\/pages\/7312\/revisions"}],"predecessor-version":[{"id":7456,"href":"https:\/\/bibliotecas.uvmnet.edu\/portico\/gui\/index.php\/wp-json\/wp\/v2\/pages\/7312\/revisions\/7456"}],"wp:attachment":[{"href":"https:\/\/bibliotecas.uvmnet.edu\/portico\/gui\/index.php\/wp-json\/wp\/v2\/media?parent=7312"}],"curies":[{"name":"wp","href":"https:\/\/api.w.org\/{rel}","templated":true}]}}